{"id":652,"date":"2022-05-04T11:05:14","date_gmt":"2022-05-04T11:05:14","guid":{"rendered":"http:\/\/fundacioestabanell.cat\/nova\/?page_id=652"},"modified":"2025-05-15T13:20:29","modified_gmt":"2025-05-15T13:20:29","slug":"que-hacemos","status":"publish","type":"page","link":"https:\/\/fundacioestabanell.cat\/es\/que-hacemos\/","title":{"rendered":"\u00bfQu\u00e9 hacemos?"},"content":{"rendered":"<p id=\"tw-target-text\" class=\"tw-data-text tw-text-large tw-ta\" dir=\"ltr\" data-placeholder=\"Traducci\u00f3n\">La Fundaci\u00f3 Estabanell aspira a participar activamente en el desarrollo de la vida social, cultura, deportiva y emprendedora de su entorno, apoyando diferentes iniciativas del territorio.<\/p>\n<ul>\n<li><strong>\u00bfCu\u00e1l fue nuestra actividad en el 2024?<\/strong><\/li>\n<\/ul>\n<p>Puedes consultar la actividad que apoyamos en 2024, descarg\u00e1ndote nuestra <strong>Memoria de Actividades.\u00a0<\/strong><\/p>\n<p>La encontrar\u00e1s en este <strong>\ud83d\udc49<\/strong> <a href=\"http:\/\/fundacioestabanell.cat\/wp-content\/uploads\/2025\/05\/Fundacio-Estabanell_Memoria-2024.pdf\"><strong>ENLACE<\/strong>.<\/a> (editada en catal\u00e1n).<\/p>\n<ul>\n<li><strong>\u00bfEn qu\u00e9 \u00e1mbitos desarrollamos nuestra actividad?<\/strong><\/li>\n<\/ul>\n<p class=\"tw-data-text tw-text-large tw-ta\" dir=\"ltr\" data-placeholder=\"Traducci\u00f3n\">Desde la Fundaci\u00f3 Estabanell contribuimos en iniciativas que impulsan las artes pl\u00e1sticas y esc\u00e9nicas, la actividad socioeducativa, la vida digna, la pr\u00e1ctica y valores del deporte y el emprendimiento innovador y sostenible. Y lo hacemos desde la transparencia, el compromiso y el acompa\u00f1amiento, valores que forman parte de nuestro ADN de nuestra forma de ser y de hacer.<\/p>\n<p dir=\"ltr\" data-placeholder=\"Traducci\u00f3n\">Por todo ello, tenemos como finalidades fundacionales:<\/p>\n<ul>\n<li>Promover la igualdad de oportunidades, tanto en el \u00e1mbito formativo como en el de la inclusi\u00f3n social.<\/li>\n<li>Fomentar y promover la formaci\u00f3n y el acceso a la cultura y las actividades culturales en nuestro territorio m\u00e1s cercano, especialmente entre las personas en riesgo de exclusi\u00f3n social o situaci\u00f3n de vulnerabilidad.<\/li>\n<li>Fomentar y promover la formaci\u00f3n deportiva, la educaci\u00f3n en valores en el \u00e1mbito de la pr\u00e1ctica deportiva y la inclusi\u00f3n social de personas vulnerables.<\/li>\n<li>Fomentar e impulsar la protecci\u00f3n del medio ambiente y el cuidado del entorno natural desde las perspectivas de la energ\u00eda y las telecomunicaciones.<\/li>\n<\/ul>\n<p>Para conseguir estas finalidades, convocamos l\u00edneas de ayudas que vehiculamos a trav\u00e9s de 4 \u00e1mbitos de trabajo:<\/p>\n<ol>\n<li><a href=\"http:\/\/fundacioestabanell.cat\/es\/areas-dactuacio\/desarrollo-comunitario\/\" target=\"_blank\" rel=\"noopener\"><strong>Desarrollo Comunitario<\/strong><\/a><\/li>\n<li><a href=\"http:\/\/fundacioestabanell.cat\/es\/areas-dactuacio\/formacion-educacion-en-el-ocio-y-deporte\/\" target=\"_blank\" rel=\"noopener\"><strong>Formaci\u00f3n, Educaci\u00f3n y Deporte<\/strong><\/a><\/li>\n<li><a href=\"http:\/\/fundacioestabanell.cat\/es\/areas-dactuacio\/innovacion-y-sostenibilidad\/\" target=\"_blank\" rel=\"noopener\"><strong>Innovaci\u00f3n y Sostenibilidad<\/strong><\/a><\/li>\n<li><a href=\"http:\/\/fundacioestabanell.cat\/es\/areas-dactuacio\/artes-plasticas-y-escenicas\/\" target=\"_blank\" rel=\"noopener\"><strong>Artes pl\u00e1sticas y esc\u00e9nicas<\/strong><\/a><\/li>\n<\/ol>\n<p>Y al mismo tiempo apoyamos proyectos, m\u00e1s all\u00e1 de las l\u00edneas de ayudas, de acuerdo con los cuatro \u00e1mbitos de actuaci\u00f3n previstos, pero que por su particularidad, situaci\u00f3n de urgencia y\/o excepcionalidad requieren de una respuesta efectiva e inmediata.<\/p>\n<p><strong>\ud83d\udc49 Consulta las bases de la convocatoria 2024 <a href=\"http:\/\/fundacioestabanell.cat\/wp-content\/uploads\/2024\/11\/Complert-Bases-2024_Versio-Castella.pdf\" target=\"_blank\" rel=\"noopener\">AQU\u00cd.\u00a0<\/a><\/strong><\/p>\n<p>&nbsp;<\/p>\n<h4 style=\"text-align: left;\">La Fundaci\u00f3n y su compromiso \u00e9tico<\/h4>\n<p id=\"tw-target-text\" class=\"tw-data-text tw-text-large tw-ta\" dir=\"ltr\" data-placeholder=\"Traducci\u00f3n\" data-ved=\"2ahUKEwiDhIHw8feKAxWMUqQEHYvPDr4Q3ewLegQIDRAU\" aria-label=\"Texto traducido: La Fundaci\u00f3n y su compromiso \u00e9tico En la Fundaci\u00f3n Estabanell trabajamos para cumplir nuestros fines fundacionales con transparencia, responsabilidad y respeto. Para garantizar que todas nuestras acciones est\u00e9n alineadas con estos valores y con el de compromiso y acompa\u00f1amiento, disponemos de un C\u00f3digo \u00c9tico que gu\u00eda nuestra labor diaria. El C\u00f3digo \u00c9tico es mucho m\u00e1s que un documento: \u2714\ufe0f Establece los valores y principios que rigen nuestras decisiones. \u2714\ufe0f Promueve el buen gobierno, la integridad y el respeto en todas nuestras relaciones. \u2714\ufe0f Asegura un comportamiento responsable, tanto dentro como fuera de la Fundaci\u00f3n. El compromiso con este C\u00f3digo es fundamental para garantizar que nuestras actividades generen un impacto positivo y se lleven a cabo con la m\u00e1xima responsabilidad hacia la comunidad, las personas beneficiarias y nuestros colaboradores. \ud83d\udc49 Conoce m\u00e1s sobre nuestro C\u00f3digo \u00c9tico \u00a1y s\u00famate a nuestro compromiso con la integridad y la transparencia!\"><span class=\"Y2IQFc\" lang=\"es\">En la Fundaci\u00f3n Estabanell trabajamos para cumplir nuestros fines fundacionales con transparencia, responsabilidad y respeto. Para garantizar que todas nuestras acciones est\u00e9n alineadas con estos valores y con el de compromiso y acompa\u00f1amiento, disponemos de un <strong>C\u00f3digo \u00c9tico<\/strong> que gu\u00eda nuestra labor diaria. <\/span><\/p>\n<p class=\"tw-data-text tw-text-large tw-ta\" dir=\"ltr\" data-placeholder=\"Traducci\u00f3n\" data-ved=\"2ahUKEwiDhIHw8feKAxWMUqQEHYvPDr4Q3ewLegQIDRAU\" aria-label=\"Texto traducido: La Fundaci\u00f3n y su compromiso \u00e9tico En la Fundaci\u00f3n Estabanell trabajamos para cumplir nuestros fines fundacionales con transparencia, responsabilidad y respeto. Para garantizar que todas nuestras acciones est\u00e9n alineadas con estos valores y con el de compromiso y acompa\u00f1amiento, disponemos de un C\u00f3digo \u00c9tico que gu\u00eda nuestra labor diaria. El C\u00f3digo \u00c9tico es mucho m\u00e1s que un documento: \u2714\ufe0f Establece los valores y principios que rigen nuestras decisiones. \u2714\ufe0f Promueve el buen gobierno, la integridad y el respeto en todas nuestras relaciones. \u2714\ufe0f Asegura un comportamiento responsable, tanto dentro como fuera de la Fundaci\u00f3n. El compromiso con este C\u00f3digo es fundamental para garantizar que nuestras actividades generen un impacto positivo y se lleven a cabo con la m\u00e1xima responsabilidad hacia la comunidad, las personas beneficiarias y nuestros colaboradores. \ud83d\udc49 Conoce m\u00e1s sobre nuestro C\u00f3digo \u00c9tico \u00a1y s\u00famate a nuestro compromiso con la integridad y la transparencia!\"><span class=\"Y2IQFc\" lang=\"es\">El <strong>C\u00f3digo \u00c9tico<\/strong> es mucho m\u00e1s que un documento:<\/span><\/p>\n<p>\u2714\ufe0f <strong>Establece los valores y principios<\/strong> que rigen nuestras decisiones.<br \/>\n\u2714\ufe0f \u00a0<strong>Promueve el buen gobierno, la integridad y el respeto<\/strong> en todas nuestras relaciones.<br \/>\n\u2714\ufe0f <strong>Asegura un comportamiento responsable,<\/strong> tanto dentro como fuera de la Fundaci\u00f3n.<\/p>\n<p>El compromiso con este C\u00f3digo es fundamental para garantizar que nuestras actividades generen un impacto positivo y se lleven a cabo con la m\u00e1xima responsabilidad hacia la comunidad, las personas beneficiarias y nuestros colaboradores.<\/p>\n<p>\ud83d\udc49<strong> Conoce m\u00e1s sobre nuestro <a href=\"http:\/\/fundacioestabanell.cat\/wp-content\/uploads\/2025\/01\/Codi-Etic-Fundacio-Estabanell-CAST.pdf\">C\u00f3digo \u00c9tico<\/a> <\/strong>\u00a1y s\u00famate a nuestro compromiso con la integridad y la transparencia!<\/p>\n<p>&nbsp;<\/p>\n<h4 style=\"text-align: left;\">Memorias de actividad<\/h4>\n<p><strong>Mem\u00f2ria 2023<\/strong> <strong>\ud83d\udc49 <a href=\"http:\/\/fundacioestabanell.cat\/wp-content\/uploads\/2024\/06\/Memoria_Estabanellfundacio_2023_Document-PDF-Final-On-line.pdf\">ENLACE.<\/a><\/strong><\/p>\n","protected":false},"excerpt":{"rendered":"<p>La Fundaci\u00f3 Estabanell aspira a participar activamente en el desarrollo de la vida social, cultura, deportiva y emprendedora de su entorno, apoyando diferentes iniciativas del territorio. \u00bfCu\u00e1l fue nuestra actividad en el 2024? Puedes consultar la actividad que apoyamos en 2024, descarg\u00e1ndote nuestra Memoria de Actividades.\u00a0 La encontrar\u00e1s en este \ud83d\udc49 ENLACE. (editada en catal\u00e1n). [&hellip;]<\/p>\n","protected":false},"author":1,"featured_media":0,"parent":0,"menu_order":0,"comment_status":"closed","ping_status":"closed","template":"","meta":{"_acf_changed":false,"footnotes":""},"class_list":["post-652","page","type-page","status-publish","hentry"],"acf":[],"yoast_head":"<!-- This site is optimized with the Yoast SEO plugin v27.4 - https:\/\/yoast.com\/product\/yoast-seo-wordpress\/ -->\n<title>\u00bfQu\u00e9 hacemos? - Fundaci\u00f3 Estabanell<\/title>\n<meta name=\"robots\" content=\"index, follow, max-snippet:-1, max-image-preview:large, max-video-preview:-1\" \/>\n<link rel=\"canonical\" href=\"https:\/\/fundacioestabanell.cat\/es\/que-hacemos\/\" \/>\n<meta property=\"og:locale\" content=\"es_ES\" \/>\n<meta property=\"og:type\" content=\"article\" \/>\n<meta property=\"og:title\" content=\"\u00bfQu\u00e9 hacemos? - Fundaci\u00f3 Estabanell\" \/>\n<meta property=\"og:description\" content=\"La Fundaci\u00f3 Estabanell aspira a participar activamente en el desarrollo de la vida social, cultura, deportiva y emprendedora de su entorno, apoyando diferentes iniciativas del territorio. \u00bfCu\u00e1l fue nuestra actividad en el 2024? Puedes consultar la actividad que apoyamos en 2024, descarg\u00e1ndote nuestra Memoria de Actividades.\u00a0 La encontrar\u00e1s en este \ud83d\udc49 ENLACE. (editada en catal\u00e1n). [&hellip;]\" \/>\n<meta property=\"og:url\" content=\"https:\/\/fundacioestabanell.cat\/es\/que-hacemos\/\" \/>\n<meta property=\"og:site_name\" content=\"Fundaci\u00f3 Estabanell\" \/>\n<meta property=\"article:modified_time\" content=\"2025-05-15T13:20:29+00:00\" \/>\n<meta name=\"twitter:card\" content=\"summary_large_image\" \/>\n<meta name=\"twitter:label1\" content=\"Tiempo de lectura\" \/>\n\t<meta name=\"twitter:data1\" content=\"3 minutos\" \/>\n<script type=\"application\/ld+json\" class=\"yoast-schema-graph\">{\"@context\":\"https:\\\/\\\/schema.org\",\"@graph\":[{\"@type\":\"WebPage\",\"@id\":\"https:\\\/\\\/fundacioestabanell.cat\\\/es\\\/que-hacemos\\\/\",\"url\":\"https:\\\/\\\/fundacioestabanell.cat\\\/es\\\/que-hacemos\\\/\",\"name\":\"\u00bfQu\u00e9 hacemos? - Fundaci\u00f3 Estabanell\",\"isPartOf\":{\"@id\":\"https:\\\/\\\/fundacioestabanell.cat\\\/es\\\/#website\"},\"datePublished\":\"2022-05-04T11:05:14+00:00\",\"dateModified\":\"2025-05-15T13:20:29+00:00\",\"breadcrumb\":{\"@id\":\"https:\\\/\\\/fundacioestabanell.cat\\\/es\\\/que-hacemos\\\/#breadcrumb\"},\"inLanguage\":\"es\",\"potentialAction\":[{\"@type\":\"ReadAction\",\"target\":[\"https:\\\/\\\/fundacioestabanell.cat\\\/es\\\/que-hacemos\\\/\"]}]},{\"@type\":\"BreadcrumbList\",\"@id\":\"https:\\\/\\\/fundacioestabanell.cat\\\/es\\\/que-hacemos\\\/#breadcrumb\",\"itemListElement\":[{\"@type\":\"ListItem\",\"position\":1,\"name\":\"Inici\",\"item\":\"https:\\\/\\\/fundacioestabanell.cat\\\/es\\\/\"},{\"@type\":\"ListItem\",\"position\":2,\"name\":\"\u00bfQu\u00e9 hacemos?\"}]},{\"@type\":\"WebSite\",\"@id\":\"https:\\\/\\\/fundacioestabanell.cat\\\/es\\\/#website\",\"url\":\"https:\\\/\\\/fundacioestabanell.cat\\\/es\\\/\",\"name\":\"Fundaci\u00f3 Estabanell\",\"description\":\"Este es vuestro espacio. Aqu\u00ed ten\u00e9is un sitio.\",\"potentialAction\":[{\"@type\":\"SearchAction\",\"target\":{\"@type\":\"EntryPoint\",\"urlTemplate\":\"https:\\\/\\\/fundacioestabanell.cat\\\/es\\\/?s={search_term_string}\"},\"query-input\":{\"@type\":\"PropertyValueSpecification\",\"valueRequired\":true,\"valueName\":\"search_term_string\"}}],\"inLanguage\":\"es\"}]}<\/script>\n<!-- \/ Yoast SEO plugin. -->","yoast_head_json":{"title":"\u00bfQu\u00e9 hacemos? - Fundaci\u00f3 Estabanell","robots":{"index":"index","follow":"follow","max-snippet":"max-snippet:-1","max-image-preview":"max-image-preview:large","max-video-preview":"max-video-preview:-1"},"canonical":"https:\/\/fundacioestabanell.cat\/es\/que-hacemos\/","og_locale":"es_ES","og_type":"article","og_title":"\u00bfQu\u00e9 hacemos? - Fundaci\u00f3 Estabanell","og_description":"La Fundaci\u00f3 Estabanell aspira a participar activamente en el desarrollo de la vida social, cultura, deportiva y emprendedora de su entorno, apoyando diferentes iniciativas del territorio. \u00bfCu\u00e1l fue nuestra actividad en el 2024? Puedes consultar la actividad que apoyamos en 2024, descarg\u00e1ndote nuestra Memoria de Actividades.\u00a0 La encontrar\u00e1s en este \ud83d\udc49 ENLACE. (editada en catal\u00e1n). [&hellip;]","og_url":"https:\/\/fundacioestabanell.cat\/es\/que-hacemos\/","og_site_name":"Fundaci\u00f3 Estabanell","article_modified_time":"2025-05-15T13:20:29+00:00","twitter_card":"summary_large_image","twitter_misc":{"Tiempo de lectura":"3 minutos"},"schema":{"@context":"https:\/\/schema.org","@graph":[{"@type":"WebPage","@id":"https:\/\/fundacioestabanell.cat\/es\/que-hacemos\/","url":"https:\/\/fundacioestabanell.cat\/es\/que-hacemos\/","name":"\u00bfQu\u00e9 hacemos? - Fundaci\u00f3 Estabanell","isPartOf":{"@id":"https:\/\/fundacioestabanell.cat\/es\/#website"},"datePublished":"2022-05-04T11:05:14+00:00","dateModified":"2025-05-15T13:20:29+00:00","breadcrumb":{"@id":"https:\/\/fundacioestabanell.cat\/es\/que-hacemos\/#breadcrumb"},"inLanguage":"es","potentialAction":[{"@type":"ReadAction","target":["https:\/\/fundacioestabanell.cat\/es\/que-hacemos\/"]}]},{"@type":"BreadcrumbList","@id":"https:\/\/fundacioestabanell.cat\/es\/que-hacemos\/#breadcrumb","itemListElement":[{"@type":"ListItem","position":1,"name":"Inici","item":"https:\/\/fundacioestabanell.cat\/es\/"},{"@type":"ListItem","position":2,"name":"\u00bfQu\u00e9 hacemos?"}]},{"@type":"WebSite","@id":"https:\/\/fundacioestabanell.cat\/es\/#website","url":"https:\/\/fundacioestabanell.cat\/es\/","name":"Fundaci\u00f3 Estabanell","description":"Este es vuestro espacio. Aqu\u00ed ten\u00e9is un sitio.","potentialAction":[{"@type":"SearchAction","target":{"@type":"EntryPoint","urlTemplate":"https:\/\/fundacioestabanell.cat\/es\/?s={search_term_string}"},"query-input":{"@type":"PropertyValueSpecification","valueRequired":true,"valueName":"search_term_string"}}],"inLanguage":"es"}]}},"_links":{"self":[{"href":"https:\/\/fundacioestabanell.cat\/es\/wp-json\/wp\/v2\/pages\/652","targetHints":{"allow":["GET"]}}],"collection":[{"href":"https:\/\/fundacioestabanell.cat\/es\/wp-json\/wp\/v2\/pages"}],"about":[{"href":"https:\/\/fundacioestabanell.cat\/es\/wp-json\/wp\/v2\/types\/page"}],"author":[{"embeddable":true,"href":"https:\/\/fundacioestabanell.cat\/es\/wp-json\/wp\/v2\/users\/1"}],"replies":[{"embeddable":true,"href":"https:\/\/fundacioestabanell.cat\/es\/wp-json\/wp\/v2\/comments?post=652"}],"version-history":[{"count":35,"href":"https:\/\/fundacioestabanell.cat\/es\/wp-json\/wp\/v2\/pages\/652\/revisions"}],"predecessor-version":[{"id":4725,"href":"https:\/\/fundacioestabanell.cat\/es\/wp-json\/wp\/v2\/pages\/652\/revisions\/4725"}],"wp:attachment":[{"href":"https:\/\/fundacioestabanell.cat\/es\/wp-json\/wp\/v2\/media?parent=652"}],"curies":[{"name":"wp","href":"https:\/\/api.w.org\/{rel}","templated":true}]}}