{"id":3948,"date":"2022-11-04T08:47:47","date_gmt":"2022-11-04T08:47:47","guid":{"rendered":"http:\/\/fundacioestabanell.cat\/?page_id=3948"},"modified":"2024-07-23T09:27:59","modified_gmt":"2024-07-23T09:27:59","slug":"el-patronato","status":"publish","type":"page","link":"https:\/\/fundacioestabanell.cat\/es\/el-patronato\/","title":{"rendered":"El Patronato"},"content":{"rendered":"<p>La Fundaci\u00f3 Estabanell es una entidad aut\u00f3noma dotada de un \u00f3rgano de Gobierno que se encarga de su gesti\u00f3n y de su administraci\u00f3n. As\u00ed pues, la Fundaci\u00f3 Estabanell cuenta con seis miembros en el seno de su Patronato.<\/p>\n<p>Estas personas, comprometidas con las finalidades fundacionales de la entidad, son:<\/p>\n<p><strong>Francesc Estabanell Ravent\u00f3s<\/strong><\/p>\n<p>Presidente<\/p>\n<hr \/>\n<p><strong>Aura Guti\u00e9rrez<\/strong><\/p>\n<p>Secretaria<\/p>\n<hr \/>\n<p><strong>Teresa Roig Gen\u00eds<\/strong><\/p>\n<p>Vocal<\/p>\n<hr \/>\n<p><strong>Natalia Priego Solvez<\/strong><\/p>\n<p>Vocal<\/p>\n<hr \/>\n<p><strong>F\u00e9lix Buxeda Mestre<\/strong><\/p>\n<p>Vocal<\/p>\n<hr \/>\n<p><strong>Natalia Sanchis Vives<\/strong><\/p>\n<p>Vocal<\/p>\n","protected":false},"excerpt":{"rendered":"<p>La Fundaci\u00f3 Estabanell es una entidad aut\u00f3noma dotada de un \u00f3rgano de Gobierno que se encarga de su gesti\u00f3n y de su administraci\u00f3n. As\u00ed pues, la Fundaci\u00f3 Estabanell cuenta con seis miembros en el seno de su Patronato. Estas personas, comprometidas con las finalidades fundacionales de la entidad, son: Francesc Estabanell Ravent\u00f3s Presidente Aura Guti\u00e9rrez [&hellip;]<\/p>\n","protected":false},"author":1,"featured_media":0,"parent":0,"menu_order":0,"comment_status":"closed","ping_status":"closed","template":"","meta":{"_acf_changed":false,"footnotes":""},"class_list":["post-3948","page","type-page","status-publish","hentry"],"acf":[],"yoast_head":"<!-- This site is optimized with the Yoast SEO plugin v27.4 - https:\/\/yoast.com\/product\/yoast-seo-wordpress\/ -->\n<title>El Patronato - Fundaci\u00f3 Estabanell<\/title>\n<meta name=\"robots\" content=\"index, follow, max-snippet:-1, max-image-preview:large, max-video-preview:-1\" \/>\n<link rel=\"canonical\" href=\"https:\/\/fundacioestabanell.cat\/es\/el-patronato\/\" \/>\n<meta property=\"og:locale\" content=\"es_ES\" \/>\n<meta property=\"og:type\" content=\"article\" \/>\n<meta property=\"og:title\" content=\"El Patronato - Fundaci\u00f3 Estabanell\" \/>\n<meta property=\"og:description\" content=\"La Fundaci\u00f3 Estabanell es una entidad aut\u00f3noma dotada de un \u00f3rgano de Gobierno que se encarga de su gesti\u00f3n y de su administraci\u00f3n. As\u00ed pues, la Fundaci\u00f3 Estabanell cuenta con seis miembros en el seno de su Patronato. Estas personas, comprometidas con las finalidades fundacionales de la entidad, son: Francesc Estabanell Ravent\u00f3s Presidente Aura Guti\u00e9rrez [&hellip;]\" \/>\n<meta property=\"og:url\" content=\"https:\/\/fundacioestabanell.cat\/es\/el-patronato\/\" \/>\n<meta property=\"og:site_name\" content=\"Fundaci\u00f3 Estabanell\" \/>\n<meta property=\"article:modified_time\" content=\"2024-07-23T09:27:59+00:00\" \/>\n<meta name=\"twitter:card\" content=\"summary_large_image\" \/>\n<meta name=\"twitter:label1\" content=\"Tiempo de lectura\" \/>\n\t<meta name=\"twitter:data1\" content=\"1 minuto\" \/>\n<script type=\"application\/ld+json\" class=\"yoast-schema-graph\">{\"@context\":\"https:\\\/\\\/schema.org\",\"@graph\":[{\"@type\":\"WebPage\",\"@id\":\"https:\\\/\\\/fundacioestabanell.cat\\\/es\\\/el-patronato\\\/\",\"url\":\"https:\\\/\\\/fundacioestabanell.cat\\\/es\\\/el-patronato\\\/\",\"name\":\"El Patronato - Fundaci\u00f3 Estabanell\",\"isPartOf\":{\"@id\":\"https:\\\/\\\/fundacioestabanell.cat\\\/es\\\/#website\"},\"datePublished\":\"2022-11-04T08:47:47+00:00\",\"dateModified\":\"2024-07-23T09:27:59+00:00\",\"breadcrumb\":{\"@id\":\"https:\\\/\\\/fundacioestabanell.cat\\\/es\\\/el-patronato\\\/#breadcrumb\"},\"inLanguage\":\"es\",\"potentialAction\":[{\"@type\":\"ReadAction\",\"target\":[\"https:\\\/\\\/fundacioestabanell.cat\\\/es\\\/el-patronato\\\/\"]}]},{\"@type\":\"BreadcrumbList\",\"@id\":\"https:\\\/\\\/fundacioestabanell.cat\\\/es\\\/el-patronato\\\/#breadcrumb\",\"itemListElement\":[{\"@type\":\"ListItem\",\"position\":1,\"name\":\"Inici\",\"item\":\"https:\\\/\\\/fundacioestabanell.cat\\\/es\\\/\"},{\"@type\":\"ListItem\",\"position\":2,\"name\":\"El Patronato\"}]},{\"@type\":\"WebSite\",\"@id\":\"https:\\\/\\\/fundacioestabanell.cat\\\/es\\\/#website\",\"url\":\"https:\\\/\\\/fundacioestabanell.cat\\\/es\\\/\",\"name\":\"Fundaci\u00f3 Estabanell\",\"description\":\"Este es vuestro espacio. Aqu\u00ed ten\u00e9is un sitio.\",\"potentialAction\":[{\"@type\":\"SearchAction\",\"target\":{\"@type\":\"EntryPoint\",\"urlTemplate\":\"https:\\\/\\\/fundacioestabanell.cat\\\/es\\\/?s={search_term_string}\"},\"query-input\":{\"@type\":\"PropertyValueSpecification\",\"valueRequired\":true,\"valueName\":\"search_term_string\"}}],\"inLanguage\":\"es\"}]}<\/script>\n<!-- \/ Yoast SEO plugin. -->","yoast_head_json":{"title":"El Patronato - Fundaci\u00f3 Estabanell","robots":{"index":"index","follow":"follow","max-snippet":"max-snippet:-1","max-image-preview":"max-image-preview:large","max-video-preview":"max-video-preview:-1"},"canonical":"https:\/\/fundacioestabanell.cat\/es\/el-patronato\/","og_locale":"es_ES","og_type":"article","og_title":"El Patronato - Fundaci\u00f3 Estabanell","og_description":"La Fundaci\u00f3 Estabanell es una entidad aut\u00f3noma dotada de un \u00f3rgano de Gobierno que se encarga de su gesti\u00f3n y de su administraci\u00f3n. As\u00ed pues, la Fundaci\u00f3 Estabanell cuenta con seis miembros en el seno de su Patronato. Estas personas, comprometidas con las finalidades fundacionales de la entidad, son: Francesc Estabanell Ravent\u00f3s Presidente Aura Guti\u00e9rrez [&hellip;]","og_url":"https:\/\/fundacioestabanell.cat\/es\/el-patronato\/","og_site_name":"Fundaci\u00f3 Estabanell","article_modified_time":"2024-07-23T09:27:59+00:00","twitter_card":"summary_large_image","twitter_misc":{"Tiempo de lectura":"1 minuto"},"schema":{"@context":"https:\/\/schema.org","@graph":[{"@type":"WebPage","@id":"https:\/\/fundacioestabanell.cat\/es\/el-patronato\/","url":"https:\/\/fundacioestabanell.cat\/es\/el-patronato\/","name":"El Patronato - Fundaci\u00f3 Estabanell","isPartOf":{"@id":"https:\/\/fundacioestabanell.cat\/es\/#website"},"datePublished":"2022-11-04T08:47:47+00:00","dateModified":"2024-07-23T09:27:59+00:00","breadcrumb":{"@id":"https:\/\/fundacioestabanell.cat\/es\/el-patronato\/#breadcrumb"},"inLanguage":"es","potentialAction":[{"@type":"ReadAction","target":["https:\/\/fundacioestabanell.cat\/es\/el-patronato\/"]}]},{"@type":"BreadcrumbList","@id":"https:\/\/fundacioestabanell.cat\/es\/el-patronato\/#breadcrumb","itemListElement":[{"@type":"ListItem","position":1,"name":"Inici","item":"https:\/\/fundacioestabanell.cat\/es\/"},{"@type":"ListItem","position":2,"name":"El Patronato"}]},{"@type":"WebSite","@id":"https:\/\/fundacioestabanell.cat\/es\/#website","url":"https:\/\/fundacioestabanell.cat\/es\/","name":"Fundaci\u00f3 Estabanell","description":"Este es vuestro espacio. Aqu\u00ed ten\u00e9is un sitio.","potentialAction":[{"@type":"SearchAction","target":{"@type":"EntryPoint","urlTemplate":"https:\/\/fundacioestabanell.cat\/es\/?s={search_term_string}"},"query-input":{"@type":"PropertyValueSpecification","valueRequired":true,"valueName":"search_term_string"}}],"inLanguage":"es"}]}},"_links":{"self":[{"href":"https:\/\/fundacioestabanell.cat\/es\/wp-json\/wp\/v2\/pages\/3948","targetHints":{"allow":["GET"]}}],"collection":[{"href":"https:\/\/fundacioestabanell.cat\/es\/wp-json\/wp\/v2\/pages"}],"about":[{"href":"https:\/\/fundacioestabanell.cat\/es\/wp-json\/wp\/v2\/types\/page"}],"author":[{"embeddable":true,"href":"https:\/\/fundacioestabanell.cat\/es\/wp-json\/wp\/v2\/users\/1"}],"replies":[{"embeddable":true,"href":"https:\/\/fundacioestabanell.cat\/es\/wp-json\/wp\/v2\/comments?post=3948"}],"version-history":[{"count":7,"href":"https:\/\/fundacioestabanell.cat\/es\/wp-json\/wp\/v2\/pages\/3948\/revisions"}],"predecessor-version":[{"id":4615,"href":"https:\/\/fundacioestabanell.cat\/es\/wp-json\/wp\/v2\/pages\/3948\/revisions\/4615"}],"wp:attachment":[{"href":"https:\/\/fundacioestabanell.cat\/es\/wp-json\/wp\/v2\/media?parent=3948"}],"curies":[{"name":"wp","href":"https:\/\/api.w.org\/{rel}","templated":true}]}}