{"id":3654,"date":"2022-10-03T11:12:44","date_gmt":"2022-10-03T11:12:44","guid":{"rendered":"http:\/\/fundacioestabanell.cat\/?page_id=3654"},"modified":"2025-10-17T08:35:41","modified_gmt":"2025-10-17T08:35:41","slug":"artes-plasticas-y-escenicas","status":"publish","type":"page","link":"https:\/\/fundacioestabanell.cat\/es\/areas-dactuacio\/artes-plasticas-y-escenicas\/","title":{"rendered":"Artes pl\u00e1sticas y esc\u00e9nicas"},"content":{"rendered":"<p>Desde la Fundaci\u00f3 Estabanell aspiramos a promover que las artes esc\u00e9nicas y las pl\u00e1sticas est\u00e9n m\u00e1s al alcance de todos.<\/p>\n<p>Esta accesibilidad pasa por fomentar su difusi\u00f3n y creatividad en el territorio.<\/p>\n<p>Sabemos que en Catalu\u00f1a hay talento, hay producci\u00f3n. Pero, en ocasiones, resulta complejo darle difusi\u00f3n, salida y visibilidad a determinadas iniciativas.<\/p>\n<p>Por eso, la Fundaci\u00f3n considera necesario apoyar el talento, la iniciativa art\u00edstica y las oportunidades, para impulsar la creatividad y la experimentaci\u00f3n como herramientas de desarrollo social, cultural y econ\u00f3mico.<\/p>\n<p>Para que el acceso a las ayudas de este \u00e1mbito sea lo m\u00e1s accesible posible, convocamos diferentes l\u00edneas de actuaci\u00f3n con la finalidad de colaborar con organizaciones sin \u00e1nimo de lucro que desarrollan sus proyectos en Catalu\u00f1a.<\/p>\n<p><strong>La convocatoria de estas ayudas est\u00e1 prevista entre los meses de Julio y Septiembre de 2023.<br \/>\n<\/strong>\u00c9stas deben trabajar en:<\/p>\n","protected":false},"excerpt":{"rendered":"<p>Desde la Fundaci\u00f3 Estabanell aspiramos a promover que las artes esc\u00e9nicas y las pl\u00e1sticas est\u00e9n m\u00e1s al alcance de todos. Esta accesibilidad pasa por fomentar su difusi\u00f3n y creatividad en el territorio. Sabemos que en Catalu\u00f1a hay talento, hay producci\u00f3n. Pero, en ocasiones, resulta complejo darle difusi\u00f3n, salida y visibilidad a determinadas iniciativas. Por eso, [&hellip;]<\/p>\n","protected":false},"author":1,"featured_media":0,"parent":3648,"menu_order":0,"comment_status":"closed","ping_status":"closed","template":"page-areas.php","meta":{"_acf_changed":false,"footnotes":""},"class_list":["post-3654","page","type-page","status-publish","hentry"],"acf":[],"yoast_head":"<!-- This site is optimized with the Yoast SEO plugin v27.4 - https:\/\/yoast.com\/product\/yoast-seo-wordpress\/ -->\n<title>Artes pl\u00e1sticas y esc\u00e9nicas - Fundaci\u00f3 Estabanell<\/title>\n<meta name=\"robots\" content=\"index, follow, max-snippet:-1, max-image-preview:large, max-video-preview:-1\" \/>\n<link rel=\"canonical\" href=\"https:\/\/fundacioestabanell.cat\/es\/areas-dactuacio\/artes-plasticas-y-escenicas\/\" \/>\n<meta property=\"og:locale\" content=\"es_ES\" \/>\n<meta property=\"og:type\" content=\"article\" \/>\n<meta property=\"og:title\" content=\"Artes pl\u00e1sticas y esc\u00e9nicas - Fundaci\u00f3 Estabanell\" \/>\n<meta property=\"og:description\" content=\"Desde la Fundaci\u00f3 Estabanell aspiramos a promover que las artes esc\u00e9nicas y las pl\u00e1sticas est\u00e9n m\u00e1s al alcance de todos. Esta accesibilidad pasa por fomentar su difusi\u00f3n y creatividad en el territorio. Sabemos que en Catalu\u00f1a hay talento, hay producci\u00f3n. Pero, en ocasiones, resulta complejo darle difusi\u00f3n, salida y visibilidad a determinadas iniciativas. Por eso, [&hellip;]\" \/>\n<meta property=\"og:url\" content=\"https:\/\/fundacioestabanell.cat\/es\/areas-dactuacio\/artes-plasticas-y-escenicas\/\" \/>\n<meta property=\"og:site_name\" content=\"Fundaci\u00f3 Estabanell\" \/>\n<meta property=\"article:modified_time\" content=\"2025-10-17T08:35:41+00:00\" \/>\n<meta name=\"twitter:card\" content=\"summary_large_image\" \/>\n<meta name=\"twitter:label1\" content=\"Tiempo de lectura\" \/>\n\t<meta name=\"twitter:data1\" content=\"1 minuto\" \/>\n<script type=\"application\/ld+json\" class=\"yoast-schema-graph\">{\"@context\":\"https:\\\/\\\/schema.org\",\"@graph\":[{\"@type\":\"WebPage\",\"@id\":\"https:\\\/\\\/fundacioestabanell.cat\\\/es\\\/areas-dactuacio\\\/artes-plasticas-y-escenicas\\\/\",\"url\":\"https:\\\/\\\/fundacioestabanell.cat\\\/es\\\/areas-dactuacio\\\/artes-plasticas-y-escenicas\\\/\",\"name\":\"Artes pl\u00e1sticas y esc\u00e9nicas - Fundaci\u00f3 Estabanell\",\"isPartOf\":{\"@id\":\"https:\\\/\\\/fundacioestabanell.cat\\\/es\\\/#website\"},\"datePublished\":\"2022-10-03T11:12:44+00:00\",\"dateModified\":\"2025-10-17T08:35:41+00:00\",\"breadcrumb\":{\"@id\":\"https:\\\/\\\/fundacioestabanell.cat\\\/es\\\/areas-dactuacio\\\/artes-plasticas-y-escenicas\\\/#breadcrumb\"},\"inLanguage\":\"es\",\"potentialAction\":[{\"@type\":\"ReadAction\",\"target\":[\"https:\\\/\\\/fundacioestabanell.cat\\\/es\\\/areas-dactuacio\\\/artes-plasticas-y-escenicas\\\/\"]}]},{\"@type\":\"BreadcrumbList\",\"@id\":\"https:\\\/\\\/fundacioestabanell.cat\\\/es\\\/areas-dactuacio\\\/artes-plasticas-y-escenicas\\\/#breadcrumb\",\"itemListElement\":[{\"@type\":\"ListItem\",\"position\":1,\"name\":\"Inici\",\"item\":\"https:\\\/\\\/fundacioestabanell.cat\\\/es\\\/\"},{\"@type\":\"ListItem\",\"position\":2,\"name\":\"\u00c0reas d&#8217;actuaci\u00f3\",\"item\":\"https:\\\/\\\/fundacioestabanell.cat\\\/es\\\/areas-dactuacio\\\/\"},{\"@type\":\"ListItem\",\"position\":3,\"name\":\"Artes pl\u00e1sticas y esc\u00e9nicas\"}]},{\"@type\":\"WebSite\",\"@id\":\"https:\\\/\\\/fundacioestabanell.cat\\\/es\\\/#website\",\"url\":\"https:\\\/\\\/fundacioestabanell.cat\\\/es\\\/\",\"name\":\"Fundaci\u00f3 Estabanell\",\"description\":\"Este es vuestro espacio. Aqu\u00ed ten\u00e9is un sitio.\",\"potentialAction\":[{\"@type\":\"SearchAction\",\"target\":{\"@type\":\"EntryPoint\",\"urlTemplate\":\"https:\\\/\\\/fundacioestabanell.cat\\\/es\\\/?s={search_term_string}\"},\"query-input\":{\"@type\":\"PropertyValueSpecification\",\"valueRequired\":true,\"valueName\":\"search_term_string\"}}],\"inLanguage\":\"es\"}]}<\/script>\n<!-- \/ Yoast SEO plugin. -->","yoast_head_json":{"title":"Artes pl\u00e1sticas y esc\u00e9nicas - Fundaci\u00f3 Estabanell","robots":{"index":"index","follow":"follow","max-snippet":"max-snippet:-1","max-image-preview":"max-image-preview:large","max-video-preview":"max-video-preview:-1"},"canonical":"https:\/\/fundacioestabanell.cat\/es\/areas-dactuacio\/artes-plasticas-y-escenicas\/","og_locale":"es_ES","og_type":"article","og_title":"Artes pl\u00e1sticas y esc\u00e9nicas - Fundaci\u00f3 Estabanell","og_description":"Desde la Fundaci\u00f3 Estabanell aspiramos a promover que las artes esc\u00e9nicas y las pl\u00e1sticas est\u00e9n m\u00e1s al alcance de todos. Esta accesibilidad pasa por fomentar su difusi\u00f3n y creatividad en el territorio. Sabemos que en Catalu\u00f1a hay talento, hay producci\u00f3n. Pero, en ocasiones, resulta complejo darle difusi\u00f3n, salida y visibilidad a determinadas iniciativas. Por eso, [&hellip;]","og_url":"https:\/\/fundacioestabanell.cat\/es\/areas-dactuacio\/artes-plasticas-y-escenicas\/","og_site_name":"Fundaci\u00f3 Estabanell","article_modified_time":"2025-10-17T08:35:41+00:00","twitter_card":"summary_large_image","twitter_misc":{"Tiempo de lectura":"1 minuto"},"schema":{"@context":"https:\/\/schema.org","@graph":[{"@type":"WebPage","@id":"https:\/\/fundacioestabanell.cat\/es\/areas-dactuacio\/artes-plasticas-y-escenicas\/","url":"https:\/\/fundacioestabanell.cat\/es\/areas-dactuacio\/artes-plasticas-y-escenicas\/","name":"Artes pl\u00e1sticas y esc\u00e9nicas - Fundaci\u00f3 Estabanell","isPartOf":{"@id":"https:\/\/fundacioestabanell.cat\/es\/#website"},"datePublished":"2022-10-03T11:12:44+00:00","dateModified":"2025-10-17T08:35:41+00:00","breadcrumb":{"@id":"https:\/\/fundacioestabanell.cat\/es\/areas-dactuacio\/artes-plasticas-y-escenicas\/#breadcrumb"},"inLanguage":"es","potentialAction":[{"@type":"ReadAction","target":["https:\/\/fundacioestabanell.cat\/es\/areas-dactuacio\/artes-plasticas-y-escenicas\/"]}]},{"@type":"BreadcrumbList","@id":"https:\/\/fundacioestabanell.cat\/es\/areas-dactuacio\/artes-plasticas-y-escenicas\/#breadcrumb","itemListElement":[{"@type":"ListItem","position":1,"name":"Inici","item":"https:\/\/fundacioestabanell.cat\/es\/"},{"@type":"ListItem","position":2,"name":"\u00c0reas d&#8217;actuaci\u00f3","item":"https:\/\/fundacioestabanell.cat\/es\/areas-dactuacio\/"},{"@type":"ListItem","position":3,"name":"Artes pl\u00e1sticas y esc\u00e9nicas"}]},{"@type":"WebSite","@id":"https:\/\/fundacioestabanell.cat\/es\/#website","url":"https:\/\/fundacioestabanell.cat\/es\/","name":"Fundaci\u00f3 Estabanell","description":"Este es vuestro espacio. Aqu\u00ed ten\u00e9is un sitio.","potentialAction":[{"@type":"SearchAction","target":{"@type":"EntryPoint","urlTemplate":"https:\/\/fundacioestabanell.cat\/es\/?s={search_term_string}"},"query-input":{"@type":"PropertyValueSpecification","valueRequired":true,"valueName":"search_term_string"}}],"inLanguage":"es"}]}},"_links":{"self":[{"href":"https:\/\/fundacioestabanell.cat\/es\/wp-json\/wp\/v2\/pages\/3654","targetHints":{"allow":["GET"]}}],"collection":[{"href":"https:\/\/fundacioestabanell.cat\/es\/wp-json\/wp\/v2\/pages"}],"about":[{"href":"https:\/\/fundacioestabanell.cat\/es\/wp-json\/wp\/v2\/types\/page"}],"author":[{"embeddable":true,"href":"https:\/\/fundacioestabanell.cat\/es\/wp-json\/wp\/v2\/users\/1"}],"replies":[{"embeddable":true,"href":"https:\/\/fundacioestabanell.cat\/es\/wp-json\/wp\/v2\/comments?post=3654"}],"version-history":[{"count":44,"href":"https:\/\/fundacioestabanell.cat\/es\/wp-json\/wp\/v2\/pages\/3654\/revisions"}],"predecessor-version":[{"id":4883,"href":"https:\/\/fundacioestabanell.cat\/es\/wp-json\/wp\/v2\/pages\/3654\/revisions\/4883"}],"up":[{"embeddable":true,"href":"https:\/\/fundacioestabanell.cat\/es\/wp-json\/wp\/v2\/pages\/3648"}],"wp:attachment":[{"href":"https:\/\/fundacioestabanell.cat\/es\/wp-json\/wp\/v2\/media?parent=3654"}],"curies":[{"name":"wp","href":"https:\/\/api.w.org\/{rel}","templated":true}]}}