{"id":3652,"date":"2022-10-03T11:12:33","date_gmt":"2022-10-03T11:12:33","guid":{"rendered":"http:\/\/fundacioestabanell.cat\/?page_id=3652"},"modified":"2025-10-17T08:31:29","modified_gmt":"2025-10-17T08:31:29","slug":"formacion-educacion-en-el-ocio-y-deporte","status":"publish","type":"page","link":"https:\/\/fundacioestabanell.cat\/es\/areas-dactuacio\/formacion-educacion-en-el-ocio-y-deporte\/","title":{"rendered":"Formaci\u00f3n, Educaci\u00f3n en el Ocio y Deporte"},"content":{"rendered":"<p>La Fundaci\u00f3n Estabanell tenemos un compromiso con la formaci\u00f3n y proyecci\u00f3n de todos aquellos valores que contribuyen a hacer de nuestra sociedad una sociedad mejor. Proyectos socioeducativos y de fomento del deporte son vertebradores de una sociedad abierta, transversal y de oportunidades para todos.<\/p>\n<p>En Fundaci\u00f3 Estabanell tenemos el convencimiento de que la ense\u00f1anza y la educaci\u00f3n \u2013 tambi\u00e9n en el tiempo libre &#8211; y el fomento del deporte en ni\u00f1os y j\u00f3venes son imprescindibles para desarrollar valores como el del esfuerzo, la responsabilidad, la disciplina, la comunicaci\u00f3n, el respeto y el esp\u00edritu de equipo y de comunidad. Y, de forma muy necesaria,\u00a0 act\u00faan decididamente entre los colectivos m\u00e1s vulnerables y, para los cuales, acceder a determinadas \u00e1reas de la ense\u00f1anza y de la educaci\u00f3n en el tiempo tiempo libre y a la practica deportiva no es una prioridad.<\/p>\n<p>Para que el acceso a las ayudas de este \u00e1mbito sea lo m\u00e1s accesible posible, convocamos diferentes l\u00edneas de actuaci\u00f3n con la finalidad de colaborar con organizaciones sin \u00e1nimo de lucro que desarrollen sus proyectos en Catalu\u00f1a.<\/p>\n<p>&nbsp;<\/p>\n","protected":false},"excerpt":{"rendered":"<p>La Fundaci\u00f3n Estabanell tenemos un compromiso con la formaci\u00f3n y proyecci\u00f3n de todos aquellos valores que contribuyen a hacer de nuestra sociedad una sociedad mejor. Proyectos socioeducativos y de fomento del deporte son vertebradores de una sociedad abierta, transversal y de oportunidades para todos. En Fundaci\u00f3 Estabanell tenemos el convencimiento de que la ense\u00f1anza y [&hellip;]<\/p>\n","protected":false},"author":1,"featured_media":0,"parent":3648,"menu_order":0,"comment_status":"closed","ping_status":"closed","template":"page-areas.php","meta":{"_acf_changed":false,"footnotes":""},"class_list":["post-3652","page","type-page","status-publish","hentry"],"acf":[],"yoast_head":"<!-- This site is optimized with the Yoast SEO plugin v27.4 - https:\/\/yoast.com\/product\/yoast-seo-wordpress\/ -->\n<title>Formaci\u00f3n, Educaci\u00f3n en el Ocio y Deporte - Fundaci\u00f3 Estabanell<\/title>\n<meta name=\"robots\" content=\"index, follow, max-snippet:-1, max-image-preview:large, max-video-preview:-1\" \/>\n<link rel=\"canonical\" href=\"https:\/\/fundacioestabanell.cat\/es\/areas-dactuacio\/formacion-educacion-en-el-ocio-y-deporte\/\" \/>\n<meta property=\"og:locale\" content=\"es_ES\" \/>\n<meta property=\"og:type\" content=\"article\" \/>\n<meta property=\"og:title\" content=\"Formaci\u00f3n, Educaci\u00f3n en el Ocio y Deporte - Fundaci\u00f3 Estabanell\" \/>\n<meta property=\"og:description\" content=\"La Fundaci\u00f3n Estabanell tenemos un compromiso con la formaci\u00f3n y proyecci\u00f3n de todos aquellos valores que contribuyen a hacer de nuestra sociedad una sociedad mejor. Proyectos socioeducativos y de fomento del deporte son vertebradores de una sociedad abierta, transversal y de oportunidades para todos. En Fundaci\u00f3 Estabanell tenemos el convencimiento de que la ense\u00f1anza y [&hellip;]\" \/>\n<meta property=\"og:url\" content=\"https:\/\/fundacioestabanell.cat\/es\/areas-dactuacio\/formacion-educacion-en-el-ocio-y-deporte\/\" \/>\n<meta property=\"og:site_name\" content=\"Fundaci\u00f3 Estabanell\" \/>\n<meta property=\"article:modified_time\" content=\"2025-10-17T08:31:29+00:00\" \/>\n<meta name=\"twitter:card\" content=\"summary_large_image\" \/>\n<meta name=\"twitter:label1\" content=\"Tiempo de lectura\" \/>\n\t<meta name=\"twitter:data1\" content=\"1 minuto\" \/>\n<script type=\"application\/ld+json\" class=\"yoast-schema-graph\">{\"@context\":\"https:\\\/\\\/schema.org\",\"@graph\":[{\"@type\":\"WebPage\",\"@id\":\"https:\\\/\\\/fundacioestabanell.cat\\\/es\\\/areas-dactuacio\\\/formacion-educacion-en-el-ocio-y-deporte\\\/\",\"url\":\"https:\\\/\\\/fundacioestabanell.cat\\\/es\\\/areas-dactuacio\\\/formacion-educacion-en-el-ocio-y-deporte\\\/\",\"name\":\"Formaci\u00f3n, Educaci\u00f3n en el Ocio y Deporte - Fundaci\u00f3 Estabanell\",\"isPartOf\":{\"@id\":\"https:\\\/\\\/fundacioestabanell.cat\\\/es\\\/#website\"},\"datePublished\":\"2022-10-03T11:12:33+00:00\",\"dateModified\":\"2025-10-17T08:31:29+00:00\",\"breadcrumb\":{\"@id\":\"https:\\\/\\\/fundacioestabanell.cat\\\/es\\\/areas-dactuacio\\\/formacion-educacion-en-el-ocio-y-deporte\\\/#breadcrumb\"},\"inLanguage\":\"es\",\"potentialAction\":[{\"@type\":\"ReadAction\",\"target\":[\"https:\\\/\\\/fundacioestabanell.cat\\\/es\\\/areas-dactuacio\\\/formacion-educacion-en-el-ocio-y-deporte\\\/\"]}]},{\"@type\":\"BreadcrumbList\",\"@id\":\"https:\\\/\\\/fundacioestabanell.cat\\\/es\\\/areas-dactuacio\\\/formacion-educacion-en-el-ocio-y-deporte\\\/#breadcrumb\",\"itemListElement\":[{\"@type\":\"ListItem\",\"position\":1,\"name\":\"Inici\",\"item\":\"https:\\\/\\\/fundacioestabanell.cat\\\/es\\\/\"},{\"@type\":\"ListItem\",\"position\":2,\"name\":\"\u00c0reas d&#8217;actuaci\u00f3\",\"item\":\"https:\\\/\\\/fundacioestabanell.cat\\\/es\\\/areas-dactuacio\\\/\"},{\"@type\":\"ListItem\",\"position\":3,\"name\":\"Formaci\u00f3n, Educaci\u00f3n en el Ocio y Deporte\"}]},{\"@type\":\"WebSite\",\"@id\":\"https:\\\/\\\/fundacioestabanell.cat\\\/es\\\/#website\",\"url\":\"https:\\\/\\\/fundacioestabanell.cat\\\/es\\\/\",\"name\":\"Fundaci\u00f3 Estabanell\",\"description\":\"Este es vuestro espacio. Aqu\u00ed ten\u00e9is un sitio.\",\"potentialAction\":[{\"@type\":\"SearchAction\",\"target\":{\"@type\":\"EntryPoint\",\"urlTemplate\":\"https:\\\/\\\/fundacioestabanell.cat\\\/es\\\/?s={search_term_string}\"},\"query-input\":{\"@type\":\"PropertyValueSpecification\",\"valueRequired\":true,\"valueName\":\"search_term_string\"}}],\"inLanguage\":\"es\"}]}<\/script>\n<!-- \/ Yoast SEO plugin. -->","yoast_head_json":{"title":"Formaci\u00f3n, Educaci\u00f3n en el Ocio y Deporte - Fundaci\u00f3 Estabanell","robots":{"index":"index","follow":"follow","max-snippet":"max-snippet:-1","max-image-preview":"max-image-preview:large","max-video-preview":"max-video-preview:-1"},"canonical":"https:\/\/fundacioestabanell.cat\/es\/areas-dactuacio\/formacion-educacion-en-el-ocio-y-deporte\/","og_locale":"es_ES","og_type":"article","og_title":"Formaci\u00f3n, Educaci\u00f3n en el Ocio y Deporte - Fundaci\u00f3 Estabanell","og_description":"La Fundaci\u00f3n Estabanell tenemos un compromiso con la formaci\u00f3n y proyecci\u00f3n de todos aquellos valores que contribuyen a hacer de nuestra sociedad una sociedad mejor. Proyectos socioeducativos y de fomento del deporte son vertebradores de una sociedad abierta, transversal y de oportunidades para todos. En Fundaci\u00f3 Estabanell tenemos el convencimiento de que la ense\u00f1anza y [&hellip;]","og_url":"https:\/\/fundacioestabanell.cat\/es\/areas-dactuacio\/formacion-educacion-en-el-ocio-y-deporte\/","og_site_name":"Fundaci\u00f3 Estabanell","article_modified_time":"2025-10-17T08:31:29+00:00","twitter_card":"summary_large_image","twitter_misc":{"Tiempo de lectura":"1 minuto"},"schema":{"@context":"https:\/\/schema.org","@graph":[{"@type":"WebPage","@id":"https:\/\/fundacioestabanell.cat\/es\/areas-dactuacio\/formacion-educacion-en-el-ocio-y-deporte\/","url":"https:\/\/fundacioestabanell.cat\/es\/areas-dactuacio\/formacion-educacion-en-el-ocio-y-deporte\/","name":"Formaci\u00f3n, Educaci\u00f3n en el Ocio y Deporte - Fundaci\u00f3 Estabanell","isPartOf":{"@id":"https:\/\/fundacioestabanell.cat\/es\/#website"},"datePublished":"2022-10-03T11:12:33+00:00","dateModified":"2025-10-17T08:31:29+00:00","breadcrumb":{"@id":"https:\/\/fundacioestabanell.cat\/es\/areas-dactuacio\/formacion-educacion-en-el-ocio-y-deporte\/#breadcrumb"},"inLanguage":"es","potentialAction":[{"@type":"ReadAction","target":["https:\/\/fundacioestabanell.cat\/es\/areas-dactuacio\/formacion-educacion-en-el-ocio-y-deporte\/"]}]},{"@type":"BreadcrumbList","@id":"https:\/\/fundacioestabanell.cat\/es\/areas-dactuacio\/formacion-educacion-en-el-ocio-y-deporte\/#breadcrumb","itemListElement":[{"@type":"ListItem","position":1,"name":"Inici","item":"https:\/\/fundacioestabanell.cat\/es\/"},{"@type":"ListItem","position":2,"name":"\u00c0reas d&#8217;actuaci\u00f3","item":"https:\/\/fundacioestabanell.cat\/es\/areas-dactuacio\/"},{"@type":"ListItem","position":3,"name":"Formaci\u00f3n, Educaci\u00f3n en el Ocio y Deporte"}]},{"@type":"WebSite","@id":"https:\/\/fundacioestabanell.cat\/es\/#website","url":"https:\/\/fundacioestabanell.cat\/es\/","name":"Fundaci\u00f3 Estabanell","description":"Este es vuestro espacio. Aqu\u00ed ten\u00e9is un sitio.","potentialAction":[{"@type":"SearchAction","target":{"@type":"EntryPoint","urlTemplate":"https:\/\/fundacioestabanell.cat\/es\/?s={search_term_string}"},"query-input":{"@type":"PropertyValueSpecification","valueRequired":true,"valueName":"search_term_string"}}],"inLanguage":"es"}]}},"_links":{"self":[{"href":"https:\/\/fundacioestabanell.cat\/es\/wp-json\/wp\/v2\/pages\/3652","targetHints":{"allow":["GET"]}}],"collection":[{"href":"https:\/\/fundacioestabanell.cat\/es\/wp-json\/wp\/v2\/pages"}],"about":[{"href":"https:\/\/fundacioestabanell.cat\/es\/wp-json\/wp\/v2\/types\/page"}],"author":[{"embeddable":true,"href":"https:\/\/fundacioestabanell.cat\/es\/wp-json\/wp\/v2\/users\/1"}],"replies":[{"embeddable":true,"href":"https:\/\/fundacioestabanell.cat\/es\/wp-json\/wp\/v2\/comments?post=3652"}],"version-history":[{"count":39,"href":"https:\/\/fundacioestabanell.cat\/es\/wp-json\/wp\/v2\/pages\/3652\/revisions"}],"predecessor-version":[{"id":4871,"href":"https:\/\/fundacioestabanell.cat\/es\/wp-json\/wp\/v2\/pages\/3652\/revisions\/4871"}],"up":[{"embeddable":true,"href":"https:\/\/fundacioestabanell.cat\/es\/wp-json\/wp\/v2\/pages\/3648"}],"wp:attachment":[{"href":"https:\/\/fundacioestabanell.cat\/es\/wp-json\/wp\/v2\/media?parent=3652"}],"curies":[{"name":"wp","href":"https:\/\/api.w.org\/{rel}","templated":true}]}}